{"id":31,"date":"2022-02-21T09:06:17","date_gmt":"2022-02-21T09:06:17","guid":{"rendered":"https:\/\/juccis.com\/vuokrataan\/home\/"},"modified":"2025-07-13T07:50:49","modified_gmt":"2025-07-13T07:50:49","slug":"home","status":"publish","type":"page","link":"https:\/\/juccis.com\/vuokrataan\/","title":{"rendered":"KILJUSENKALLIO 22 B 4 &#8211; Villa Syv\u00e4ri"},"content":{"rendered":"\n<p class=\"has-medium-font-size\"><strong>Paritalohuoneiston toinen p\u00e4\u00e4ty<\/strong><\/p>\n\n\n\n<figure class=\"wp-block-image size-large\"><img loading=\"lazy\" decoding=\"async\" width=\"1024\" height=\"731\" src=\"https:\/\/juccis.com\/vuokrataan\/wp-content\/uploads\/2024\/09\/torieka-1024x731.png\" alt=\"\" class=\"wp-image-435\" srcset=\"https:\/\/juccis.com\/vuokrataan\/wp-content\/uploads\/2024\/09\/torieka-1024x731.png 1024w, https:\/\/juccis.com\/vuokrataan\/wp-content\/uploads\/2024\/09\/torieka-300x214.png 300w, https:\/\/juccis.com\/vuokrataan\/wp-content\/uploads\/2024\/09\/torieka-768x549.png 768w, https:\/\/juccis.com\/vuokrataan\/wp-content\/uploads\/2024\/09\/torieka-1536x1097.png 1536w, https:\/\/juccis.com\/vuokrataan\/wp-content\/uploads\/2024\/09\/torieka-2048x1463.png 2048w\" sizes=\"auto, (max-width: 1024px) 100vw, 1024px\" \/><\/figure>\n\n\n\n<p>Omassa rauhassa Syv\u00e4ri-j\u00e4rven rannassa, mutta palvelut lyhyen matkan p\u00e4\u00e4ss\u00e4. <br>Valloita vuori kes\u00e4ll\u00e4 tai talvella, koe upeat hiihto, patikointi- ja py\u00f6r\u00e4ilyreitit, viet\u00e4 p\u00e4iv\u00e4 lasketellen, j\u00e4rvell\u00e4 tai golfaten.&nbsp; Testaa kes\u00e4n uutuus Tahko Zipline!&nbsp; Sateen sattuessa pelit, kylpyl\u00e4, keilaus, Super Corner ja useat ravintolat palvelevat.<\/p>\n\n\n\n<p>N\u00e4pp\u00e4r\u00e4t tilat, alhaalla tupa, makuuhuone, wc ja sauna. Ylh\u00e4\u00e4ll\u00e4 parvi, jossa makuutilat kahdelle (max. 6 henkil\u00f6\u00e4). <\/p>\n\n\n\n<p>Hyv\u00e4 varustelu esim. televio tuvassa, makuuhuoneessa ja parvella. Astianpesukone (4hengen). Varaava takka, ilmal\u00e4mp\u00f6pumppu viilennyksell\u00e4. <\/p>\n\n\n\n<p class=\"has-medium-font-size\"><strong>Et\u00e4isyydet (noin)<\/strong><\/p>\n\n\n\n<p>Kelkkareitti 30m<br>Hiihtoladut 60m<br><strong><a href=\"https:\/\/juccis.com\/vuokrataan\/kota\/\">ISO Tahkon ranta Kota 50m<\/a><\/strong>, <a href=\"https:\/\/juccis.com\/vuokrataan\/uusi-tie-kodalta-rantaan\/\">Kes\u00e4n 2024 aikana tehty uusi tie rantaan! <\/a>https:\/\/juccis.com\/vuokrataan\/uusi-tie-kodalta-rantaan\/<br>Ranta 50m (Syv\u00e4rij\u00e4rvi) kes\u00e4ll\u00e4 vene k\u00e4yt\u00f6ss\u00e4 ja venepaikan vieress\u00e4 uimapaikka.<br>Golf -kentt\u00e4 100m<br>Liikuntapuisto, frisbeegolfrata, Sports Park, frisbee golf 300m<br>TahkoSpa ja Superpark 500m<br>L\u00e4hikauppa 700m<br>Ravintolat ja viihdekeskukset (iltael\u00e4m\u00e4) 700m<br>Rinteet ja hissit 1500m<\/p>\n\n\n\n<figure class=\"wp-block-gallery has-nested-images columns-default is-cropped wp-block-gallery-1 is-layout-flex wp-block-gallery-is-layout-flex\">\n<figure class=\"wp-block-image size-full\"><img loading=\"lazy\" decoding=\"async\" width=\"2560\" height=\"1920\" data-id=\"451\" src=\"https:\/\/juccis.com\/vuokrataan\/wp-content\/uploads\/2025\/07\/IMG_20250705_205056-scaled.jpg\" alt=\"\" class=\"wp-image-451\" srcset=\"https:\/\/juccis.com\/vuokrataan\/wp-content\/uploads\/2025\/07\/IMG_20250705_205056-scaled.jpg 2560w, https:\/\/juccis.com\/vuokrataan\/wp-content\/uploads\/2025\/07\/IMG_20250705_205056-300x225.jpg 300w, https:\/\/juccis.com\/vuokrataan\/wp-content\/uploads\/2025\/07\/IMG_20250705_205056-1024x768.jpg 1024w, https:\/\/juccis.com\/vuokrataan\/wp-content\/uploads\/2025\/07\/IMG_20250705_205056-768x576.jpg 768w, https:\/\/juccis.com\/vuokrataan\/wp-content\/uploads\/2025\/07\/IMG_20250705_205056-1536x1152.jpg 1536w, https:\/\/juccis.com\/vuokrataan\/wp-content\/uploads\/2025\/07\/IMG_20250705_205056-2048x1536.jpg 2048w\" sizes=\"auto, (max-width: 2560px) 100vw, 2560px\" \/><\/figure>\n<\/figure>\n\n\n\n<p>Kodan rannassa uusi tulisija. (kuistilta matkaa alle 100m)<br><\/p>\n\n\n\n<div class=\"wp-block-group\"><div class=\"wp-block-group__inner-container is-layout-flow wp-block-group-is-layout-flow\">\n<p class=\"has-white-color has-black-background-color has-text-color has-background\">Lyhyt matka Tahkolle melkein mist\u00e4 vaan!<br>Tahko &#8211; Kuopio 60km<br>Tahko &#8211; Jyv\u00e4skyl\u00e4 200km<br>Tahko &#8211; Helsinki 450km<br>Tahko &#8211; Kajaani 160km<br>Tahko &#8211; Oulu 270km<\/p>\n<\/div><\/div>\n\n\n\n<p class=\"has-medium-font-size\"><br><strong>Tahko faktat<\/strong><\/p>\n\n\n\n<p class=\"has-small-font-size\">Rinteet: 24<br>Latuja: 67 km<br>+ Keskeinen sijainti<br>+ Pitk\u00e4t ja monipuoliset rinteet<br>+ Hyv\u00e4 latuverkosto<br>+ Vilkas y\u00f6el\u00e4m\u00e4, mutta sen sivussakin voi helposti olla<br>+ Hiihtokoulu aikuisille ja lapsille<br><\/p>\n\n\n\n<figure class=\"wp-block-image size-full\"><img loading=\"lazy\" decoding=\"async\" width=\"300\" height=\"362\" src=\"https:\/\/juccis.com\/vuokrataan\/wp-content\/uploads\/2025\/05\/mitavoitehda3.jpg\" alt=\"\" class=\"wp-image-447\" srcset=\"https:\/\/juccis.com\/vuokrataan\/wp-content\/uploads\/2025\/05\/mitavoitehda3.jpg 300w, https:\/\/juccis.com\/vuokrataan\/wp-content\/uploads\/2025\/05\/mitavoitehda3-249x300.jpg 249w\" sizes=\"auto, (max-width: 300px) 100vw, 300px\" \/><\/figure>\n\n\n\n<div class=\"wp-block-columns is-layout-flex wp-container-core-columns-is-layout-9d6595d7 wp-block-columns-is-layout-flex\">\n<div class=\"wp-block-column is-layout-flow wp-block-column-is-layout-flow\" style=\"flex-basis:100%\">\n<div class=\"wp-block-group\"><div class=\"wp-block-group__inner-container is-layout-flow wp-block-group-is-layout-flow\"><\/div><\/div>\n<\/div>\n<\/div>\n\n\n\n<p class=\"has-luminous-vivid-orange-background-color has-background has-medium-font-size\" style=\"font-style:italic;font-weight:500\"><a href=\"https:\/\/www.tahko.com\/tapahtumakalenteri\/\" target=\"_blank\" rel=\"noreferrer noopener\">Tahkon tapahtumat kes\u00e4ll\u00e4 ja talvella  \u25ba<\/a><\/p>\n\n\n\n<div class=\"wp-block-columns is-layout-flex wp-container-core-columns-is-layout-9d6595d7 wp-block-columns-is-layout-flex\">\n<div class=\"wp-block-column is-layout-flow wp-block-column-is-layout-flow\" style=\"flex-basis:100%\">\n<div class=\"wp-block-group\"><div class=\"wp-block-group__inner-container is-layout-flow wp-block-group-is-layout-flow\">\n<pre class=\"wp-block-preformatted has-vivid-green-cyan-background-color has-text-color has-background has-medium-font-size\" style=\"color:#4affbc;font-style:italic;font-weight:500\"><a href=\"https:\/\/www.tahko.com\/ideat-ja-inspiraatio\/kesa\/\" target=\"_blank\" rel=\"noreferrer noopener\">Tahko kes\u00e4ll\u00e4<strong> \u25ba<\/strong> <\/a><\/pre>\n<\/div><\/div>\n<\/div>\n<\/div>\n\n\n\n<pre class=\"wp-block-preformatted has-white-color has-vivid-cyan-blue-background-color has-text-color has-background has-medium-font-size\" style=\"font-style:italic;font-weight:500\"><a href=\"https:\/\/www.tahko.com\/ideat-ja-inspiraatio\/talvi\/\" target=\"_blank\" rel=\"noreferrer noopener\">Tahko talvella<\/a><strong> \u25ba<\/strong><\/pre>\n\n\n\n<br>\n\n\n\n<div class=\"wp-block-group\"><div class=\"wp-block-group__inner-container is-layout-flow wp-block-group-is-layout-flow\">\n<div class=\"wp-block-group\"><div class=\"wp-block-group__inner-container is-layout-flow wp-block-group-is-layout-flow\">\n<blockquote class=\"wp-block-quote has-text-align-center has-pale-cyan-blue-background-color has-background is-layout-flow wp-block-quote-is-layout-flow\" style=\"font-size:15px\">\n<p><em>Testaa onko t\u00e4m\u00e4 majoitus teille sopiva?<\/em><\/p>\n<\/blockquote>\n<\/div><\/div>\n<\/div><\/div>\n\n\n\n<center>\n<iframe loading=\"lazy\" src=\"\/majoitus.html\" height=\"500\" width=\"100%\" title=\"Majoitus\"><\/iframe>\n<\/center>\n\n\n<div class=\"wp-block-image\">\n<figure class=\"aligncenter\"><img loading=\"lazy\" decoding=\"async\" width=\"958\" height=\"714\" src=\"https:\/\/juccis.com\/vuokrataan\/wp-content\/uploads\/2023\/11\/kotaa.jpg\" alt=\"Iso kota noin 50m p\u00e4\u00e4ss\u00e4\" class=\"wp-image-412\" srcset=\"https:\/\/juccis.com\/vuokrataan\/wp-content\/uploads\/2023\/11\/kotaa.jpg 958w, https:\/\/juccis.com\/vuokrataan\/wp-content\/uploads\/2023\/11\/kotaa-300x224.jpg 300w, https:\/\/juccis.com\/vuokrataan\/wp-content\/uploads\/2023\/11\/kotaa-768x572.jpg 768w\" sizes=\"auto, (max-width: 958px) 100vw, 958px\" \/><figcaption class=\"wp-element-caption\">Iso kota noin 50 metrin p\u00e4\u00e4ss\u00e4<\/figcaption><\/figure>\n<\/div>","protected":false},"excerpt":{"rendered":"<p>Paritalohuoneiston toinen p\u00e4\u00e4ty Omassa rauhassa Syv\u00e4ri-j\u00e4rven rannassa, mutta palvelut lyhyen matkan p\u00e4\u00e4ss\u00e4. Valloita vuori kes\u00e4ll\u00e4 tai talvella, koe upeat hiihto, patikointi- ja py\u00f6r\u00e4ilyreitit, viet\u00e4 p\u00e4iv\u00e4 lasketellen, j\u00e4rvell\u00e4 tai golfaten.&nbsp; Testaa kes\u00e4n uutuus Tahko Zipline!&nbsp; Sateen sattuessa pelit, kylpyl\u00e4, keilaus, Super Corner ja useat ravintolat palvelevat. N\u00e4pp\u00e4r\u00e4t tilat, alhaalla tupa, makuuhuone,&#8230;<\/p>\n","protected":false},"author":1,"featured_media":67,"parent":0,"menu_order":0,"comment_status":"closed","ping_status":"closed","template":"","meta":{"footnotes":""},"class_list":["post-31","page","type-page","status-publish","has-post-thumbnail","hentry"],"yoast_head":"<!-- This site is optimized with the Yoast SEO plugin v27.5 - https:\/\/yoast.com\/product\/yoast-seo-wordpress\/ -->\n<title>KILJUSENKALLIO 22 B 4 - Villa Syv\u00e4ri - \u25c4 Vuokrataan \u25ba<\/title>\n<meta name=\"robots\" content=\"index, follow, max-snippet:-1, max-image-preview:large, max-video-preview:-1\" \/>\n<link rel=\"canonical\" href=\"https:\/\/juccis.com\/vuokrataan\/\" \/>\n<meta property=\"og:locale\" content=\"fi_FI\" \/>\n<meta property=\"og:type\" content=\"article\" \/>\n<meta property=\"og:title\" content=\"KILJUSENKALLIO 22 B 4 - Villa Syv\u00e4ri - \u25c4 Vuokrataan \u25ba\" \/>\n<meta property=\"og:description\" content=\"Paritalohuoneiston toinen p\u00e4\u00e4ty Omassa rauhassa Syv\u00e4ri-j\u00e4rven rannassa, mutta palvelut lyhyen matkan p\u00e4\u00e4ss\u00e4. Valloita vuori kes\u00e4ll\u00e4 tai talvella, koe upeat hiihto, patikointi- ja py\u00f6r\u00e4ilyreitit, viet\u00e4 p\u00e4iv\u00e4 lasketellen, j\u00e4rvell\u00e4 tai golfaten.&nbsp; Testaa kes\u00e4n uutuus Tahko Zipline!&nbsp; Sateen sattuessa pelit, kylpyl\u00e4, keilaus, Super Corner ja useat ravintolat palvelevat. N\u00e4pp\u00e4r\u00e4t tilat, alhaalla tupa, makuuhuone,...\" \/>\n<meta property=\"og:url\" content=\"https:\/\/juccis.com\/vuokrataan\/\" \/>\n<meta property=\"og:site_name\" content=\"\u25c4 Vuokrataan \u25ba\" \/>\n<meta property=\"article:modified_time\" content=\"2025-07-13T07:50:49+00:00\" \/>\n<meta property=\"og:image\" content=\"https:\/\/juccis.com\/vuokrataan\/wp-content\/uploads\/2022\/02\/ilakuva1.jpg\" \/>\n\t<meta property=\"og:image:width\" content=\"1553\" \/>\n\t<meta property=\"og:image:height\" content=\"727\" \/>\n\t<meta property=\"og:image:type\" content=\"image\/jpeg\" \/>\n<meta name=\"twitter:card\" content=\"summary_large_image\" \/>\n<meta name=\"twitter:label1\" content=\"Arvioitu lukuaika\" \/>\n\t<meta name=\"twitter:data1\" content=\"3 minuuttia\" \/>\n<script type=\"application\/ld+json\" class=\"yoast-schema-graph\">{\"@context\":\"https:\\\/\\\/schema.org\",\"@graph\":[{\"@type\":\"WebPage\",\"@id\":\"https:\\\/\\\/juccis.com\\\/vuokrataan\\\/\",\"url\":\"https:\\\/\\\/juccis.com\\\/vuokrataan\\\/\",\"name\":\"KILJUSENKALLIO 22 B 4 - Villa Syv\u00e4ri - \u25c4 Vuokrataan \u25ba\",\"isPartOf\":{\"@id\":\"https:\\\/\\\/juccis.com\\\/vuokrataan\\\/#website\"},\"primaryImageOfPage\":{\"@id\":\"https:\\\/\\\/juccis.com\\\/vuokrataan\\\/#primaryimage\"},\"image\":{\"@id\":\"https:\\\/\\\/juccis.com\\\/vuokrataan\\\/#primaryimage\"},\"thumbnailUrl\":\"https:\\\/\\\/juccis.com\\\/vuokrataan\\\/wp-content\\\/uploads\\\/2022\\\/02\\\/ilakuva1.jpg\",\"datePublished\":\"2022-02-21T09:06:17+00:00\",\"dateModified\":\"2025-07-13T07:50:49+00:00\",\"breadcrumb\":{\"@id\":\"https:\\\/\\\/juccis.com\\\/vuokrataan\\\/#breadcrumb\"},\"inLanguage\":\"fi\",\"potentialAction\":[{\"@type\":\"ReadAction\",\"target\":[\"https:\\\/\\\/juccis.com\\\/vuokrataan\\\/\"]}]},{\"@type\":\"ImageObject\",\"inLanguage\":\"fi\",\"@id\":\"https:\\\/\\\/juccis.com\\\/vuokrataan\\\/#primaryimage\",\"url\":\"https:\\\/\\\/juccis.com\\\/vuokrataan\\\/wp-content\\\/uploads\\\/2022\\\/02\\\/ilakuva1.jpg\",\"contentUrl\":\"https:\\\/\\\/juccis.com\\\/vuokrataan\\\/wp-content\\\/uploads\\\/2022\\\/02\\\/ilakuva1.jpg\",\"width\":1553,\"height\":727},{\"@type\":\"BreadcrumbList\",\"@id\":\"https:\\\/\\\/juccis.com\\\/vuokrataan\\\/#breadcrumb\",\"itemListElement\":[{\"@type\":\"ListItem\",\"position\":1,\"name\":\"Etusivu\",\"item\":\"https:\\\/\\\/juccis.com\\\/vuokrataan\\\/\"},{\"@type\":\"ListItem\",\"position\":2,\"name\":\"KILJUSENKALLIO 22 B 4 &#8211; Villa Syv\u00e4ri\"}]},{\"@type\":\"WebSite\",\"@id\":\"https:\\\/\\\/juccis.com\\\/vuokrataan\\\/#website\",\"url\":\"https:\\\/\\\/juccis.com\\\/vuokrataan\\\/\",\"name\":\"Tahko vuokrataan m\u00f6kki syv\u00e4rin rannasta\",\"description\":\"M\u00f6kki Tahkolla, Paritalo Villa Syv\u00e4ri, M\u00f6kki ihan rannassa, Rantam\u00f6kki Vuokrataan, Vuokrataan m\u00f6kki, Soutuvene, L\u00e4hell\u00e4 palveluja, mutta omassa rauhassa\",\"publisher\":{\"@id\":\"https:\\\/\\\/juccis.com\\\/vuokrataan\\\/#organization\"},\"potentialAction\":[{\"@type\":\"SearchAction\",\"target\":{\"@type\":\"EntryPoint\",\"urlTemplate\":\"https:\\\/\\\/juccis.com\\\/vuokrataan\\\/?s={search_term_string}\"},\"query-input\":{\"@type\":\"PropertyValueSpecification\",\"valueRequired\":true,\"valueName\":\"search_term_string\"}}],\"inLanguage\":\"fi\"},{\"@type\":\"Organization\",\"@id\":\"https:\\\/\\\/juccis.com\\\/vuokrataan\\\/#organization\",\"name\":\"juccis vuokraa\",\"url\":\"https:\\\/\\\/juccis.com\\\/vuokrataan\\\/\",\"logo\":{\"@type\":\"ImageObject\",\"inLanguage\":\"fi\",\"@id\":\"https:\\\/\\\/juccis.com\\\/vuokrataan\\\/#\\\/schema\\\/logo\\\/image\\\/\",\"url\":\"https:\\\/\\\/juccis.com\\\/vuokrataan\\\/wp-content\\\/uploads\\\/2022\\\/02\\\/cropped-logopienempi-5.png\",\"contentUrl\":\"https:\\\/\\\/juccis.com\\\/vuokrataan\\\/wp-content\\\/uploads\\\/2022\\\/02\\\/cropped-logopienempi-5.png\",\"width\":75,\"height\":72,\"caption\":\"juccis vuokraa\"},\"image\":{\"@id\":\"https:\\\/\\\/juccis.com\\\/vuokrataan\\\/#\\\/schema\\\/logo\\\/image\\\/\"}}]}<\/script>\n<!-- \/ Yoast SEO plugin. -->","yoast_head_json":{"title":"KILJUSENKALLIO 22 B 4 - Villa Syv\u00e4ri - \u25c4 Vuokrataan \u25ba","robots":{"index":"index","follow":"follow","max-snippet":"max-snippet:-1","max-image-preview":"max-image-preview:large","max-video-preview":"max-video-preview:-1"},"canonical":"https:\/\/juccis.com\/vuokrataan\/","og_locale":"fi_FI","og_type":"article","og_title":"KILJUSENKALLIO 22 B 4 - Villa Syv\u00e4ri - \u25c4 Vuokrataan \u25ba","og_description":"Paritalohuoneiston toinen p\u00e4\u00e4ty Omassa rauhassa Syv\u00e4ri-j\u00e4rven rannassa, mutta palvelut lyhyen matkan p\u00e4\u00e4ss\u00e4. Valloita vuori kes\u00e4ll\u00e4 tai talvella, koe upeat hiihto, patikointi- ja py\u00f6r\u00e4ilyreitit, viet\u00e4 p\u00e4iv\u00e4 lasketellen, j\u00e4rvell\u00e4 tai golfaten.&nbsp; Testaa kes\u00e4n uutuus Tahko Zipline!&nbsp; Sateen sattuessa pelit, kylpyl\u00e4, keilaus, Super Corner ja useat ravintolat palvelevat. N\u00e4pp\u00e4r\u00e4t tilat, alhaalla tupa, makuuhuone,...","og_url":"https:\/\/juccis.com\/vuokrataan\/","og_site_name":"\u25c4 Vuokrataan \u25ba","article_modified_time":"2025-07-13T07:50:49+00:00","og_image":[{"width":1553,"height":727,"url":"https:\/\/juccis.com\/vuokrataan\/wp-content\/uploads\/2022\/02\/ilakuva1.jpg","type":"image\/jpeg"}],"twitter_card":"summary_large_image","twitter_misc":{"Arvioitu lukuaika":"3 minuuttia"},"schema":{"@context":"https:\/\/schema.org","@graph":[{"@type":"WebPage","@id":"https:\/\/juccis.com\/vuokrataan\/","url":"https:\/\/juccis.com\/vuokrataan\/","name":"KILJUSENKALLIO 22 B 4 - Villa Syv\u00e4ri - \u25c4 Vuokrataan \u25ba","isPartOf":{"@id":"https:\/\/juccis.com\/vuokrataan\/#website"},"primaryImageOfPage":{"@id":"https:\/\/juccis.com\/vuokrataan\/#primaryimage"},"image":{"@id":"https:\/\/juccis.com\/vuokrataan\/#primaryimage"},"thumbnailUrl":"https:\/\/juccis.com\/vuokrataan\/wp-content\/uploads\/2022\/02\/ilakuva1.jpg","datePublished":"2022-02-21T09:06:17+00:00","dateModified":"2025-07-13T07:50:49+00:00","breadcrumb":{"@id":"https:\/\/juccis.com\/vuokrataan\/#breadcrumb"},"inLanguage":"fi","potentialAction":[{"@type":"ReadAction","target":["https:\/\/juccis.com\/vuokrataan\/"]}]},{"@type":"ImageObject","inLanguage":"fi","@id":"https:\/\/juccis.com\/vuokrataan\/#primaryimage","url":"https:\/\/juccis.com\/vuokrataan\/wp-content\/uploads\/2022\/02\/ilakuva1.jpg","contentUrl":"https:\/\/juccis.com\/vuokrataan\/wp-content\/uploads\/2022\/02\/ilakuva1.jpg","width":1553,"height":727},{"@type":"BreadcrumbList","@id":"https:\/\/juccis.com\/vuokrataan\/#breadcrumb","itemListElement":[{"@type":"ListItem","position":1,"name":"Etusivu","item":"https:\/\/juccis.com\/vuokrataan\/"},{"@type":"ListItem","position":2,"name":"KILJUSENKALLIO 22 B 4 &#8211; Villa Syv\u00e4ri"}]},{"@type":"WebSite","@id":"https:\/\/juccis.com\/vuokrataan\/#website","url":"https:\/\/juccis.com\/vuokrataan\/","name":"Tahko vuokrataan m\u00f6kki syv\u00e4rin rannasta","description":"M\u00f6kki Tahkolla, Paritalo Villa Syv\u00e4ri, M\u00f6kki ihan rannassa, Rantam\u00f6kki Vuokrataan, Vuokrataan m\u00f6kki, Soutuvene, L\u00e4hell\u00e4 palveluja, mutta omassa rauhassa","publisher":{"@id":"https:\/\/juccis.com\/vuokrataan\/#organization"},"potentialAction":[{"@type":"SearchAction","target":{"@type":"EntryPoint","urlTemplate":"https:\/\/juccis.com\/vuokrataan\/?s={search_term_string}"},"query-input":{"@type":"PropertyValueSpecification","valueRequired":true,"valueName":"search_term_string"}}],"inLanguage":"fi"},{"@type":"Organization","@id":"https:\/\/juccis.com\/vuokrataan\/#organization","name":"juccis vuokraa","url":"https:\/\/juccis.com\/vuokrataan\/","logo":{"@type":"ImageObject","inLanguage":"fi","@id":"https:\/\/juccis.com\/vuokrataan\/#\/schema\/logo\/image\/","url":"https:\/\/juccis.com\/vuokrataan\/wp-content\/uploads\/2022\/02\/cropped-logopienempi-5.png","contentUrl":"https:\/\/juccis.com\/vuokrataan\/wp-content\/uploads\/2022\/02\/cropped-logopienempi-5.png","width":75,"height":72,"caption":"juccis vuokraa"},"image":{"@id":"https:\/\/juccis.com\/vuokrataan\/#\/schema\/logo\/image\/"}}]}},"_links":{"self":[{"href":"https:\/\/juccis.com\/vuokrataan\/wp-json\/wp\/v2\/pages\/31","targetHints":{"allow":["GET"]}}],"collection":[{"href":"https:\/\/juccis.com\/vuokrataan\/wp-json\/wp\/v2\/pages"}],"about":[{"href":"https:\/\/juccis.com\/vuokrataan\/wp-json\/wp\/v2\/types\/page"}],"author":[{"embeddable":true,"href":"https:\/\/juccis.com\/vuokrataan\/wp-json\/wp\/v2\/users\/1"}],"replies":[{"embeddable":true,"href":"https:\/\/juccis.com\/vuokrataan\/wp-json\/wp\/v2\/comments?post=31"}],"version-history":[{"count":114,"href":"https:\/\/juccis.com\/vuokrataan\/wp-json\/wp\/v2\/pages\/31\/revisions"}],"predecessor-version":[{"id":487,"href":"https:\/\/juccis.com\/vuokrataan\/wp-json\/wp\/v2\/pages\/31\/revisions\/487"}],"wp:featuredmedia":[{"embeddable":true,"href":"https:\/\/juccis.com\/vuokrataan\/wp-json\/wp\/v2\/media\/67"}],"wp:attachment":[{"href":"https:\/\/juccis.com\/vuokrataan\/wp-json\/wp\/v2\/media?parent=31"}],"curies":[{"name":"wp","href":"https:\/\/api.w.org\/{rel}","templated":true}]}}